{"id":5105,"date":"2025-06-17T16:28:08","date_gmt":"2025-06-17T16:28:08","guid":{"rendered":"https:\/\/paintnprogress.art\/?post_type=product&#038;p=5105"},"modified":"2025-12-26T05:32:07","modified_gmt":"2025-12-26T05:32:07","slug":"professionelle-wandmalereien","status":"publish","type":"product","link":"https:\/\/paintnprogress.art\/de\/product\/profesionali-sienu-gleznojumi\/","title":{"rendered":"Professionelle Wandmalereien"},"content":{"rendered":"<h3 data-start=\"163\" data-end=\"233\"><strong data-start=\"167\" data-end=\"233\">Professionelle Wandmalereien und Malereien \u2013 Kunst, die einen Raum zum Leben erweckt<\/strong><\/h3>\n<p data-start=\"235\" data-end=\"650\">Professionelle Wandmalereien sind eine der effektivsten und kreativsten M\u00f6glichkeiten, einem Raum Pers\u00f6nlichkeit, Charakter und emotionale Tiefe zu verleihen. Sie k\u00f6nnen sowohl ein ausdrucksstarker Akzent im Innenraum als auch ein harmonischer Hintergrund sein, der das bestehende Design erg\u00e4nzt. Wir bieten professionelle Wandmalerei- und Malerarbeiten f\u00fcr Privatpersonen und Unternehmen an und passen jeden Auftrag an die Funktion, den Stil und die W\u00fcnsche des jeweiligen Raumes an.<\/p>\n<p data-start=\"652\" data-end=\"1123\">Unser Ansatz basiert auf individueller Zusammenarbeit \u2013 von der Ideenentwicklung und Skizze bis zur hochwertigen Ausf\u00fchrung vor Ort. Wandmalereien k\u00f6nnen in verschiedenen k\u00fcnstlerischen Stilen realisiert werden: von figurativen Kompositionen, Landschaften und Architekturmotiven \u00fcber abstrakte L\u00f6sungen bis hin zu grafischen Elementen und sogar typografischen Designs. Jedes Gem\u00e4lde wird mit hochwertigsten Materialien hergestellt, was seine Nachhaltigkeit, Haltbarkeit und seinen \u00e4sthetischen Wert gew\u00e4hrleistet.<\/p>\n<p data-start=\"1125\" data-end=\"1172\">Wandmalereien eignen sich f\u00fcr unterschiedliche Raumtypen:<\/p>\n<ul data-start=\"1173\" data-end=\"1354\">\n<li data-start=\"1173\" data-end=\"1217\">\n<p data-start=\"1175\" data-end=\"1217\">in Wohnr\u00e4umen, Kinderzimmern und Fluren<\/p>\n<\/li>\n<li data-start=\"1218\" data-end=\"1255\">\n<p data-start=\"1220\" data-end=\"1255\">in Restaurants, Caf\u00e9s und Hotels<\/p>\n<\/li>\n<li data-start=\"1256\" data-end=\"1287\">\n<p data-start=\"1258\" data-end=\"1287\">in B\u00fcros und Kreativstudios<\/p>\n<\/li>\n<li data-start=\"1288\" data-end=\"1354\">\n<p data-start=\"1290\" data-end=\"1354\">im \u00f6ffentlichen Raum \u2013 Schulen, Kinderg\u00e4rten, Kulturzentren usw.<\/p>\n<\/li>\n<li data-start=\"1288\" data-end=\"1354\">Fassaden von H\u00e4usern, Bauernh\u00f6fen und verschiedenen Geb\u00e4uden<\/li>\n<\/ul>\n<p data-start=\"1356\" data-end=\"1667\">Unsere Arbeiten verbinden k\u00fcnstlerische Vision mit funktionalem Ansatz. Ein Gem\u00e4lde kann als \u00e4sthetischer Akzent, als Element der Markenidentit\u00e4t, als Teil der Kommunikation oder als emotionale \u201eGeschichte an der Wand\u201c dienen. Wir haben Wandkunst in verschiedenen Gr\u00f6\u00dfen geschaffen \u2013 von kleinen Akzenten bis hin zu meterhohen Fassaden.<\/p>\n<p data-start=\"1669\" data-end=\"1967\">Wenn Sie einen Raum einzigartig und unvergesslich gestalten m\u00f6chten, ist Wandmalerei eine gute Wahl. Wir helfen Ihnen, Ihre Vision zu verwirklichen und bieten Ihnen kreative Ideen, basierend auf unserer Erfahrung und unserem Verst\u00e4ndnis der Bildsprache. Jedes Projekt bietet uns die M\u00f6glichkeit, nicht nur Dekor, sondern auch Atmosph\u00e4re zu schaffen.<\/p>\n<p data-start=\"1969\" data-end=\"2091\">Kontaktieren Sie uns f\u00fcr eine Beratung oder fordern Sie eine individuelle Skizze an \u2013 W\u00e4nde k\u00f6nnen sprechen, wenn sie mit Kunst zum Leben erweckt werden.<\/p>","protected":false},"excerpt":{"rendered":"<p data-start=\"73\" data-end=\"137\">Professionelle Wandmalereien<br data-start=\"88\" data-end=\"91\" \/><em data-start=\"91\" data-end=\"137\">Preis von 25 \u2013 100 Euro pro m2<\/em><\/p>\n<p data-start=\"139\" data-end=\"536\">Professionelle Wandmalereien und individuelle Malereien \u2013 wir schaffen eine einzigartige visuelle Identit\u00e4t im Innen- und Au\u00dfenbereich. Kunst, die den Raum begeistert!<\/p>","protected":false},"featured_media":5110,"comment_status":"open","ping_status":"closed","template":"","meta":{"_uag_custom_page_level_css":"","site-sidebar-layout":"default","site-content-layout":"","ast-site-content-layout":"default","site-content-style":"default","site-sidebar-style":"default","ast-global-header-display":"","ast-banner-title-visibility":"","ast-main-header-display":"","ast-hfb-above-header-display":"","ast-hfb-below-header-display":"","ast-hfb-mobile-header-display":"","site-post-title":"","ast-breadcrumbs-content":"","ast-featured-img":"","footer-sml-layout":"","ast-disable-related-posts":"","theme-transparent-header-meta":"default","adv-header-id-meta":"","stick-header-meta":"","header-above-stick-meta":"","header-main-stick-meta":"","header-below-stick-meta":"","astra-migrate-meta-layouts":"set","ast-page-background-enabled":"default","ast-page-background-meta":{"desktop":{"background-color":"","background-image":"","background-repeat":"repeat","background-position":"center center","background-size":"auto","background-attachment":"scroll","background-type":"","background-media":"","overlay-type":"","overlay-color":"","overlay-opacity":"","overlay-gradient":""},"tablet":{"background-color":"","background-image":"","background-repeat":"repeat","background-position":"center center","background-size":"auto","background-attachment":"scroll","background-type":"","background-media":"","overlay-type":"","overlay-color":"","overlay-opacity":"","overlay-gradient":""},"mobile":{"background-color":"","background-image":"","background-repeat":"repeat","background-position":"center center","background-size":"auto","background-attachment":"scroll","background-type":"","background-media":"","overlay-type":"","overlay-color":"","overlay-opacity":"","overlay-gradient":""}},"ast-content-background-meta":{"desktop":{"background-color":"var(--ast-global-color-5)","background-image":"","background-repeat":"repeat","background-position":"center center","background-size":"auto","background-attachment":"scroll","background-type":"","background-media":"","overlay-type":"","overlay-color":"","overlay-opacity":"","overlay-gradient":""},"tablet":{"background-color":"var(--ast-global-color-5)","background-image":"","background-repeat":"repeat","background-position":"center center","background-size":"auto","background-attachment":"scroll","background-type":"","background-media":"","overlay-type":"","overlay-color":"","overlay-opacity":"","overlay-gradient":""},"mobile":{"background-color":"var(--ast-global-color-5)","background-image":"","background-repeat":"repeat","background-position":"center center","background-size":"auto","background-attachment":"scroll","background-type":"","background-media":"","overlay-type":"","overlay-color":"","overlay-opacity":"","overlay-gradient":""}}},"product_brand":[],"product_cat":[36],"product_tag":[],"class_list":{"0":"post-5105","1":"product","2":"type-product","3":"status-publish","4":"has-post-thumbnail","6":"product_cat-makslas-gara-galerija","7":"desktop-align-left","8":"tablet-align-left","9":"mobile-align-left","11":"first","12":"instock","13":"sold-individually","14":"shipping-taxable","15":"purchasable","16":"product-type-simple"},"yoast_head":"<!-- This site is optimized with the Yoast SEO plugin v27.5 - https:\/\/yoast.com\/product\/yoast-seo-wordpress\/ -->\n<title>Profesion\u0101li sienu gleznojumi - paintnprogress.art<\/title>\n<meta name=\"description\" content=\"Profesion\u0101li sienu gleznojumi un individu\u0101la apglezno\u0161ana \u2013 rad\u0101m unik\u0101lu vizu\u0101lo identit\u0101ti interjer\u0101 un eksterjer\u0101. M\u0101ksla, kas iedvesmo telpu!\" \/>\n<meta name=\"robots\" content=\"index, follow, max-snippet:-1, max-image-preview:large, max-video-preview:-1\" \/>\n<link rel=\"canonical\" href=\"https:\/\/paintnprogress.art\/de\/produkt-2\/professionelle-wandmalereien\/\" \/>\n<meta property=\"og:locale\" content=\"de_DE\" \/>\n<meta property=\"og:type\" content=\"article\" \/>\n<meta property=\"og:title\" content=\"Profesion\u0101li sienu gleznojumi - paintnprogress.art\" \/>\n<meta property=\"og:description\" content=\"Profesion\u0101li sienu gleznojumi un individu\u0101la apglezno\u0161ana \u2013 rad\u0101m unik\u0101lu vizu\u0101lo identit\u0101ti interjer\u0101 un eksterjer\u0101. M\u0101ksla, kas iedvesmo telpu!\" \/>\n<meta property=\"og:url\" content=\"https:\/\/paintnprogress.art\/de\/produkt-2\/professionelle-wandmalereien\/\" \/>\n<meta property=\"og:site_name\" content=\"paintnprogress.art\" \/>\n<meta property=\"article:publisher\" content=\"https:\/\/www.facebook.com\/paintnprogressart\" \/>\n<meta property=\"article:modified_time\" content=\"2025-12-26T05:32:07+00:00\" \/>\n<meta property=\"og:image\" content=\"https:\/\/paintnprogress.art\/wp-content\/uploads\/2025\/06\/WP5.webp\" \/>\n\t<meta property=\"og:image:width\" content=\"1864\" \/>\n\t<meta property=\"og:image:height\" content=\"1252\" \/>\n\t<meta property=\"og:image:type\" content=\"image\/webp\" \/>\n<meta name=\"twitter:card\" content=\"summary_large_image\" \/>\n<meta name=\"twitter:label1\" content=\"Gesch\u00e4tzte Lesezeit\" \/>\n\t<meta name=\"twitter:data1\" content=\"2\u00a0Minuten\" \/>\n<script type=\"application\/ld+json\" class=\"yoast-schema-graph\">{\"@context\":\"https:\\\/\\\/schema.org\",\"@graph\":[{\"@type\":\"WebPage\",\"@id\":\"https:\\\/\\\/paintnprogress.art\\\/product\\\/profesionali-sienu-gleznojumi\\\/\",\"url\":\"https:\\\/\\\/paintnprogress.art\\\/product\\\/profesionali-sienu-gleznojumi\\\/\",\"name\":\"Profesion\u0101li sienu gleznojumi - paintnprogress.art\",\"isPartOf\":{\"@id\":\"https:\\\/\\\/paintnprogress.art\\\/#website\"},\"primaryImageOfPage\":{\"@id\":\"https:\\\/\\\/paintnprogress.art\\\/product\\\/profesionali-sienu-gleznojumi\\\/#primaryimage\"},\"image\":{\"@id\":\"https:\\\/\\\/paintnprogress.art\\\/product\\\/profesionali-sienu-gleznojumi\\\/#primaryimage\"},\"thumbnailUrl\":\"https:\\\/\\\/paintnprogress.art\\\/wp-content\\\/uploads\\\/2025\\\/06\\\/WP5.webp\",\"datePublished\":\"2025-06-17T16:28:08+00:00\",\"dateModified\":\"2025-12-26T05:32:07+00:00\",\"description\":\"Profesion\u0101li sienu gleznojumi un individu\u0101la apglezno\u0161ana \u2013 rad\u0101m unik\u0101lu vizu\u0101lo identit\u0101ti interjer\u0101 un eksterjer\u0101. M\u0101ksla, kas iedvesmo telpu!\",\"breadcrumb\":{\"@id\":\"https:\\\/\\\/paintnprogress.art\\\/product\\\/profesionali-sienu-gleznojumi\\\/#breadcrumb\"},\"inLanguage\":\"de\",\"potentialAction\":[{\"@type\":\"ReadAction\",\"target\":[\"https:\\\/\\\/paintnprogress.art\\\/product\\\/profesionali-sienu-gleznojumi\\\/\"]}]},{\"@type\":\"ImageObject\",\"inLanguage\":\"de\",\"@id\":\"https:\\\/\\\/paintnprogress.art\\\/product\\\/profesionali-sienu-gleznojumi\\\/#primaryimage\",\"url\":\"https:\\\/\\\/paintnprogress.art\\\/wp-content\\\/uploads\\\/2025\\\/06\\\/WP5.webp\",\"contentUrl\":\"https:\\\/\\\/paintnprogress.art\\\/wp-content\\\/uploads\\\/2025\\\/06\\\/WP5.webp\",\"width\":1864,\"height\":1252,\"caption\":\"Profesion\u0101li sienu gleznojumi\"},{\"@type\":\"BreadcrumbList\",\"@id\":\"https:\\\/\\\/paintnprogress.art\\\/product\\\/profesionali-sienu-gleznojumi\\\/#breadcrumb\",\"itemListElement\":[{\"@type\":\"ListItem\",\"position\":1,\"name\":\"Home\",\"item\":\"https:\\\/\\\/paintnprogress.art\\\/\"},{\"@type\":\"ListItem\",\"position\":2,\"name\":\"Shop\",\"item\":\"https:\\\/\\\/paintnprogress.art\\\/shop\\\/\"},{\"@type\":\"ListItem\",\"position\":3,\"name\":\"Profesion\u0101li sienu gleznojumi\"}]},{\"@type\":\"WebSite\",\"@id\":\"https:\\\/\\\/paintnprogress.art\\\/#website\",\"url\":\"https:\\\/\\\/paintnprogress.art\\\/\",\"name\":\"paintnprogress.art\",\"description\":\"Glezno\u0161anas Nodarb\u012bbas\",\"publisher\":{\"@id\":\"https:\\\/\\\/paintnprogress.art\\\/#organization\"},\"potentialAction\":[{\"@type\":\"SearchAction\",\"target\":{\"@type\":\"EntryPoint\",\"urlTemplate\":\"https:\\\/\\\/paintnprogress.art\\\/?s={search_term_string}\"},\"query-input\":{\"@type\":\"PropertyValueSpecification\",\"valueRequired\":true,\"valueName\":\"search_term_string\"}}],\"inLanguage\":\"de\"},{\"@type\":\"Organization\",\"@id\":\"https:\\\/\\\/paintnprogress.art\\\/#organization\",\"name\":\"Paint&Progress\",\"alternateName\":\"Paint and Progress\",\"url\":\"https:\\\/\\\/paintnprogress.art\\\/\",\"logo\":{\"@type\":\"ImageObject\",\"inLanguage\":\"de\",\"@id\":\"https:\\\/\\\/paintnprogress.art\\\/#\\\/schema\\\/logo\\\/image\\\/\",\"url\":\"https:\\\/\\\/paintnprogress.art\\\/wp-content\\\/uploads\\\/2025\\\/01\\\/512.webp\",\"contentUrl\":\"https:\\\/\\\/paintnprogress.art\\\/wp-content\\\/uploads\\\/2025\\\/01\\\/512.webp\",\"width\":512,\"height\":512,\"caption\":\"Paint&Progress\"},\"image\":{\"@id\":\"https:\\\/\\\/paintnprogress.art\\\/#\\\/schema\\\/logo\\\/image\\\/\"},\"sameAs\":[\"https:\\\/\\\/www.facebook.com\\\/paintnprogressart\",\"https:\\\/\\\/www.youtube.com\\\/@PaintAndProgressArt\",\"https:\\\/\\\/www.tiktok.com\\\/@paint_and_progress?lang=lv\"]}]}<\/script>\n<!-- \/ Yoast SEO plugin. -->","yoast_head_json":{"title":"Professionelle Wandmalereien - paintnprogress.art","description":"Professionelle Wandmalereien und individuelle Malereien \u2013 wir schaffen eine einzigartige visuelle Identit\u00e4t im Innen- und Au\u00dfenbereich. Kunst, die den Raum begeistert!","robots":{"index":"index","follow":"follow","max-snippet":"max-snippet:-1","max-image-preview":"max-image-preview:large","max-video-preview":"max-video-preview:-1"},"canonical":"https:\/\/paintnprogress.art\/de\/produkt-2\/professionelle-wandmalereien\/","og_locale":"de_DE","og_type":"article","og_title":"Profesion\u0101li sienu gleznojumi - paintnprogress.art","og_description":"Profesion\u0101li sienu gleznojumi un individu\u0101la apglezno\u0161ana \u2013 rad\u0101m unik\u0101lu vizu\u0101lo identit\u0101ti interjer\u0101 un eksterjer\u0101. M\u0101ksla, kas iedvesmo telpu!","og_url":"https:\/\/paintnprogress.art\/de\/produkt-2\/professionelle-wandmalereien\/","og_site_name":"paintnprogress.art","article_publisher":"https:\/\/www.facebook.com\/paintnprogressart","article_modified_time":"2025-12-26T05:32:07+00:00","og_image":[{"width":1864,"height":1252,"url":"https:\/\/paintnprogress.art\/wp-content\/uploads\/2025\/06\/WP5.webp","type":"image\/webp"}],"twitter_card":"summary_large_image","twitter_misc":{"Gesch\u00e4tzte Lesezeit":"2\u00a0Minuten"},"schema":{"@context":"https:\/\/schema.org","@graph":[{"@type":"WebPage","@id":"https:\/\/paintnprogress.art\/product\/profesionali-sienu-gleznojumi\/","url":"https:\/\/paintnprogress.art\/product\/profesionali-sienu-gleznojumi\/","name":"Professionelle Wandmalereien - paintnprogress.art","isPartOf":{"@id":"https:\/\/paintnprogress.art\/#website"},"primaryImageOfPage":{"@id":"https:\/\/paintnprogress.art\/product\/profesionali-sienu-gleznojumi\/#primaryimage"},"image":{"@id":"https:\/\/paintnprogress.art\/product\/profesionali-sienu-gleznojumi\/#primaryimage"},"thumbnailUrl":"https:\/\/paintnprogress.art\/wp-content\/uploads\/2025\/06\/WP5.webp","datePublished":"2025-06-17T16:28:08+00:00","dateModified":"2025-12-26T05:32:07+00:00","description":"Professionelle Wandmalereien und individuelle Malereien \u2013 wir schaffen eine einzigartige visuelle Identit\u00e4t im Innen- und Au\u00dfenbereich. Kunst, die den Raum begeistert!","breadcrumb":{"@id":"https:\/\/paintnprogress.art\/product\/profesionali-sienu-gleznojumi\/#breadcrumb"},"inLanguage":"de","potentialAction":[{"@type":"ReadAction","target":["https:\/\/paintnprogress.art\/product\/profesionali-sienu-gleznojumi\/"]}]},{"@type":"ImageObject","inLanguage":"de","@id":"https:\/\/paintnprogress.art\/product\/profesionali-sienu-gleznojumi\/#primaryimage","url":"https:\/\/paintnprogress.art\/wp-content\/uploads\/2025\/06\/WP5.webp","contentUrl":"https:\/\/paintnprogress.art\/wp-content\/uploads\/2025\/06\/WP5.webp","width":1864,"height":1252,"caption":"Profesion\u0101li sienu gleznojumi"},{"@type":"BreadcrumbList","@id":"https:\/\/paintnprogress.art\/product\/profesionali-sienu-gleznojumi\/#breadcrumb","itemListElement":[{"@type":"ListItem","position":1,"name":"Home","item":"https:\/\/paintnprogress.art\/"},{"@type":"ListItem","position":2,"name":"Shop","item":"https:\/\/paintnprogress.art\/shop\/"},{"@type":"ListItem","position":3,"name":"Profesion\u0101li sienu gleznojumi"}]},{"@type":"WebSite","@id":"https:\/\/paintnprogress.art\/#website","url":"https:\/\/paintnprogress.art\/","name":"paintnprogress.art","description":"Malunterricht","publisher":{"@id":"https:\/\/paintnprogress.art\/#organization"},"potentialAction":[{"@type":"SearchAction","target":{"@type":"EntryPoint","urlTemplate":"https:\/\/paintnprogress.art\/?s={search_term_string}"},"query-input":{"@type":"PropertyValueSpecification","valueRequired":true,"valueName":"search_term_string"}}],"inLanguage":"de"},{"@type":"Organization","@id":"https:\/\/paintnprogress.art\/#organization","name":"Paint&amp;Progress","alternateName":"Paint and Progress","url":"https:\/\/paintnprogress.art\/","logo":{"@type":"ImageObject","inLanguage":"de","@id":"https:\/\/paintnprogress.art\/#\/schema\/logo\/image\/","url":"https:\/\/paintnprogress.art\/wp-content\/uploads\/2025\/01\/512.webp","contentUrl":"https:\/\/paintnprogress.art\/wp-content\/uploads\/2025\/01\/512.webp","width":512,"height":512,"caption":"Paint&Progress"},"image":{"@id":"https:\/\/paintnprogress.art\/#\/schema\/logo\/image\/"},"sameAs":["https:\/\/www.facebook.com\/paintnprogressart","https:\/\/www.youtube.com\/@PaintAndProgressArt","https:\/\/www.tiktok.com\/@paint_and_progress?lang=lv"]}]}},"uagb_featured_image_src":{"full":["https:\/\/paintnprogress.art\/wp-content\/uploads\/2025\/06\/WP5.webp",1864,1252,false],"thumbnail":["https:\/\/paintnprogress.art\/wp-content\/uploads\/2025\/06\/WP5-150x150.webp",150,150,true],"medium":["https:\/\/paintnprogress.art\/wp-content\/uploads\/2025\/06\/WP5-300x202.webp",300,202,true],"medium_large":["https:\/\/paintnprogress.art\/wp-content\/uploads\/2025\/06\/WP5-768x516.webp",768,516,true],"large":["https:\/\/paintnprogress.art\/wp-content\/uploads\/2025\/06\/WP5-1024x688.webp",1024,688,true],"1536x1536":["https:\/\/paintnprogress.art\/wp-content\/uploads\/2025\/06\/WP5-1536x1032.webp",1536,1032,true],"2048x2048":["https:\/\/paintnprogress.art\/wp-content\/uploads\/2025\/06\/WP5.webp",1864,1252,false],"trp-custom-language-flag":["https:\/\/paintnprogress.art\/wp-content\/uploads\/2025\/06\/WP5-18x12.webp",18,12,true],"woocommerce_thumbnail":["https:\/\/paintnprogress.art\/wp-content\/uploads\/2025\/06\/WP5-300x300.webp",300,300,true],"woocommerce_single":["https:\/\/paintnprogress.art\/wp-content\/uploads\/2025\/06\/WP5-600x403.webp",600,403,true],"woocommerce_gallery_thumbnail":["https:\/\/paintnprogress.art\/wp-content\/uploads\/2025\/06\/WP5-100x100.webp",100,100,true]},"uagb_author_info":{"display_name":"Dzintars Kalnins","author_link":"https:\/\/paintnprogress.art\/de\/author\/"},"uagb_comment_info":0,"uagb_excerpt":"Profesion\u0101li sienu gleznojumiCena no 25 - 100 eiro par m2 Profesion\u0101li sienu gleznojumi un individu\u0101la apglezno\u0161ana \u2013 rad\u0101m unik\u0101lu vizu\u0101lo identit\u0101ti interjer\u0101 un eksterjer\u0101. M\u0101ksla, kas iedvesmo telpu!","_links":{"self":[{"href":"https:\/\/paintnprogress.art\/de\/wp-json\/wp\/v2\/product\/5105","targetHints":{"allow":["GET"]}}],"collection":[{"href":"https:\/\/paintnprogress.art\/de\/wp-json\/wp\/v2\/product"}],"about":[{"href":"https:\/\/paintnprogress.art\/de\/wp-json\/wp\/v2\/types\/product"}],"replies":[{"embeddable":true,"href":"https:\/\/paintnprogress.art\/de\/wp-json\/wp\/v2\/comments?post=5105"}],"wp:featuredmedia":[{"embeddable":true,"href":"https:\/\/paintnprogress.art\/de\/wp-json\/wp\/v2\/media\/5110"}],"wp:attachment":[{"href":"https:\/\/paintnprogress.art\/de\/wp-json\/wp\/v2\/media?parent=5105"}],"wp:term":[{"taxonomy":"product_brand","embeddable":true,"href":"https:\/\/paintnprogress.art\/de\/wp-json\/wp\/v2\/product_brand?post=5105"},{"taxonomy":"product_cat","embeddable":true,"href":"https:\/\/paintnprogress.art\/de\/wp-json\/wp\/v2\/product_cat?post=5105"},{"taxonomy":"product_tag","embeddable":true,"href":"https:\/\/paintnprogress.art\/de\/wp-json\/wp\/v2\/product_tag?post=5105"}],"curies":[{"name":"wp","href":"https:\/\/api.w.org\/{rel}","templated":true}]}}